{"id":5344,"date":"2025-06-02T15:05:35","date_gmt":"2025-06-02T15:05:35","guid":{"rendered":"https:\/\/www.mucivi.ch\/infos-et-contact\/"},"modified":"2025-07-12T21:54:22","modified_gmt":"2025-07-12T21:54:22","slug":"informacije-i-kontakt","status":"publish","type":"page","link":"https:\/\/www.mucivi.ch\/bs\/informacije-i-kontakt\/","title":{"rendered":"Informacije i kontakt"},"content":{"rendered":"\r\n        <style>\r\n             .showcase-section-block-69f4735c7449a {\r\n                background-image: url(https:\/\/www.mucivi.ch\/wp-content\/uploads\/2025\/06\/schreyer-1701668-2560x3197-1-scaled.jpg);\r\n                background-attachment: scroll;\r\n                background-size: cover;  \r\n                background-repeat: no-repeat; \r\n                background-position: center center;\r\n                overflow: hidden;\r\n                color:  var(--mucivi-white);\r\n            }\r\n\r\n            @media (max-width: 1024px) {\r\n                 .showcase-section-block-69f4735c7449a {\r\n                    background-attachment: scroll;\r\n                }\r\n            }\r\n        <\/style><section class=\"showcase-section-block showcase-section-block-69f4735c7449a\">   \r\n\t\t\t\t\t\t\t\t        <div class=\"container showcase-section-container showcase-section-banner\">\r\n\t\t\t\t\t\t\t\t                 <div class=\"showcase-overlay-picture\"><\/div>\r\n\t\t\t\t\t\t\t\t                    <div class=\"showcase-overlay\"><\/div>\r\n\t\t\t\t\t\t\t\t                <div class=\"showcase-section d-flex flex-column align-items-start justify-content-evenly text-start\">\r\n\t\t\t\t\t            <div class=\"showcase-content\">\r\n\t\t\t\t\t\t\t\t\t<h1 class=\"showcase-title\">Informacije i kontakt<\/h1>\r\n\t\t\t\t\t                <p class=\"showcase-description\"><\/p>\r\n\t\t\t\t\t                  <div class=\"showcase-section-button\">\r\n\t\t\t\t\t                    \r\n\t\t\t\t\t                  <\/div>\r\n\t\t\t\t\t            <\/div>\r\n\t\t\t\t\t        <\/div>\r\n\t\t\t\t\t\t\t\t        <\/div>\r\n\t\t\t\t\t\t\t\t    <\/section>\n\n\r\n\t\t            <section class=\"announcements-block bg-color-white\" id=\"announcements_69f4735c747e4\">\r\n\t\t                <div class=\"container d-flex flex-column flex-lg-row\">\r\n\t\t                    <div class=\"col-12 col-lg-9\">\r\n\t\t                        \r\n\t\t\t\t\t\t                <div class=\"announcement-item py-5\">\r\n\t\t\t\t\t\t                    \r\n\t\t\t\t\t\t                    <h2 class=\"text-color-primary\">Adresa<\/h2>\r\n\t\t\t\t\t\t                    \r\n\t\t\t\t\t\t                    <div class=\"my-3\"><p style=\"box-sizing: border-box; -webkit-tap-highlight-color: transparent; margin-top: 0px; margin-bottom: 1rem; font-size: 1.125em; color: #333333; line-height: 27px; font-family: Brown-Regular;\">Muzej civilizacija islama<br data-start=\"43\" data-end=\"46\" \/>Avenija L\u00e9opold-Robert 109<br data-start=\"74\" data-end=\"77\" \/>CH \u2013 2300 La Chaux-de-Fonds<\/p>\n<\/div>\r\n\t\t\t\t\t\t                    \r\n\t\t\t\t\t\t                <\/div>\r\n\t\t\t\t\t\t                <div class=\"announcement-item py-5\">\r\n\t\t\t\t\t\t                    \r\n\t\t\t\t\t\t                    <h2 class=\"text-color-primary\">Otvaranje<\/h2>\r\n\t\t\t\t\t\t                    \r\n\t\t\t\t\t\t                    <div class=\"my-3\"><p>Od utorka do nedjelje, od 14:00 do 18:00<\/p>\n<\/div>\r\n\t\t\t\t\t\t                    \r\n\t\t\t\t\t\t                <\/div>\r\n\t\t\t\t\t\t                <div class=\"announcement-item py-5\">\r\n\t\t\t\t\t\t                    \r\n\t\t\t\t\t\t                    <h2 class=\"text-color-primary\"> Trajanje posjete<\/h2>\r\n\t\t\t\t\t\t                    \r\n\t\t\t\t\t\t                    <div class=\"my-3\"><p>Izme\u0111u 1 sata i 1 sat 30 minuta<br data-start=\"46\" data-end=\"49\" \/>Audiovodi\u010d uklju\u010den u cijenu posjete<\/p>\n<\/div>\r\n\t\t\t\t\t\t                    \r\n\t\t\t\t\t\t                <\/div>\r\n\t\t\t\t\t\t                <div class=\"announcement-item py-5\">\r\n\t\t\t\t\t\t                    \r\n\t\t\t\t\t\t                    <h2 class=\"text-color-primary\">Tarife<\/h2>\r\n\t\t\t\t\t\t                    \r\n\t\t\t\t\t\t                    <div class=\"my-3\"><ul>\n<li>Odrasli: CHF 15.-<\/li>\n<li>Djeca (do 16 godina): CHF 7.-<\/li>\n<li>Studenti: CHF 7.-<\/li>\n<li>AVS\/AI\/AC: CHF 7.-<\/li>\n<li>\u010clanovi ICOM-a i AMS-a: besplatno<\/li>\n<li>\n<div>Kartica pogodnosti za mlade \u2013 odrasli: CHF 10.-<\/div>\n<\/li>\n<li>\n<div>Kartica pogodnosti za mlade \u2013 studenti: CHF 5.-<\/div>\n<\/li>\n<li>Grupe odraslih od 12 osoba: CHF 12.- \/os.<\/li>\n<li>\u0160kolske i omladinske grupe od 12 osoba: CHF 5.-\/os.<\/li>\n<li>Vo\u0111ena tura (po rezervaciji): CHF 150.-<\/li>\n<\/ul>\n<p><em>Cijena ulaza s uklju\u010denim audiovodi\u010dem<\/em><\/p>\n<\/div>\r\n\t\t\t\t\t\t                    \r\n\t\t\t\t\t\t                <\/div>\r\n\t\t\t\t\t\t                <div class=\"announcement-item py-5\">\r\n\t\t\t\t\t\t                    \r\n\t\t\t\t\t\t                    <h2 class=\"text-color-primary\">Usluge<\/h2>\r\n\t\t\t\t\t\t                    \r\n\t\t\t\t\t\t                    <div class=\"my-3\"><ul>\n<li>Radionica pripovijedanja bajki<\/li>\n<li>Radionica \u010ditanja<\/li>\n<li>Organizacija konferencija uz obezbje\u0111enje prostora<\/li>\n<li>Izleti za kompanije ili privatni doga\u0111aji, uklju\u010duju\u0107i vo\u0111enu turu i ketering na licu mjesta<\/li>\n<\/ul>\n<p><em>Svak zahtjev za bilo koju od navedenih usluga bit \u0107e obra\u0111en prethodnom ponudom<\/em><\/p>\n<\/div>\r\n\t\t\t\t\t\t                    \r\n\t\t\t\t\t\t                <\/div>\r\n\t\t\t\t\t\t                <div class=\"announcement-item py-5\">\r\n\t\t\t\t\t\t                    \r\n\t\t\t\t\t\t                    <h2 class=\"text-color-primary\">Adresa e-po\u0161te<\/h2>\r\n\t\t\t\t\t\t                    \r\n\t\t\t\t\t\t                    <div class=\"my-3\"><p><a href=\"mailto:accueil@mucivi.ch\">accueil@mucivi.ch<\/a><\/p>\n<\/div>\r\n\t\t\t\t\t\t                    \r\n\t\t\t\t\t\t                <\/div>\r\n\t\t\t\t\t\t                <div class=\"announcement-item py-5\">\r\n\t\t\t\t\t\t                    \r\n\t\t\t\t\t\t                    <h2 class=\"text-color-primary\">Telefone<\/h2>\r\n\t\t\t\t\t\t                    \r\n\t\t\t\t\t\t                    <div class=\"my-3\"><p><a href=\"tel:+41329105231\">+41 (0) 32 910 52 31<\/a><\/p>\n<\/div>\r\n\t\t\t\t\t\t                    \r\n\t\t\t\t\t\t                <\/div>\r\n\t\t                    <\/div>\r\n\t\t                    <div class=\"sidebar-container col-12 col-lg-3 ps-lg-5 py-5\">\r\n\t\t                        \r\n\r\n\t\t<div class=\"sidebar-title\">\r\n\t\t   \r\n\t\t<\/div>\r\n\t\t<div class=\"sidebar-buttons mt-4\"><div class=\"sidebar-button mb-2\"><a target=\"_blank\" href=\"https:\/\/www.facebook.com\/mucivi?fref=ts#\" class=\"sidebar-link\"><span class=\"me-2\"><i class=\"bi bi-facebook\"><\/i><\/span>Facebook<\/a><\/div><div class=\"sidebar-button mb-2\"><a target=\"_blank\" href=\"https:\/\/x.com\/muciviicms\" class=\"sidebar-link\"><span class=\"me-2\"><i class=\"bi bi-twitter-x\"><\/i><\/span>Twitter<\/a><\/div><div class=\"sidebar-button mb-2\"><a target=\"_blank\" href=\"https:\/\/www.instagram.com\/mucivisuisse\/?hl=fr\" class=\"sidebar-link\"><span class=\"me-2\"><i class=\"bi bi-instagram\"><\/i><\/span>Instagram<\/a><\/div><div class=\"sidebar-button mb-2\"><a target=\"_blank\" href=\"https:\/\/www.linkedin.com\/company\/mus%C3%A9e-des-civilisations-de-l%27islam-mucivi-?originalSubdomain=fr\" class=\"sidebar-link\"><span class=\"me-2\"><i class=\"bi bi-linkedin\"><\/i><\/span>LinkedIn<\/a><\/div><div class=\"sidebar-button mb-2\"><a target=\"_blank\" href=\"https:\/\/www.loisirs.ch\/loisirs\/23588\/musee-des-civilisations-de-l-islam-la-chaux-de-fonds\" class=\"sidebar-link\"><span class=\"me-2\"><i class=\"bi bi-box-arrow-up-right\"><\/i><\/span>loisirs.ch<\/a><\/div><div class=\"sidebar-button mb-2\"><a target=\"_blank\" href=\"https:\/\/www.j3l.ch\/en\/Z10488\/neuchatel-tourism\" class=\"sidebar-link\"><span class=\"me-2\"><i class=\"bi bi-box-arrow-up-right\"><\/i><\/span>neuchateltourisme.ch<\/a><\/div><div class=\"sidebar-button mb-2\"><a target=\"_blank\" href=\"https:\/\/www.tempslibre.ch\/neuch-tel\/expositions\/384251-exposition-de-r-f-rence-au-mucivi\" class=\"sidebar-link\"><span class=\"me-2\"><i class=\"bi bi-box-arrow-up-right\"><\/i><\/span>tempslibre.ch<\/a><\/div><div class=\"sidebar-button mb-2\"><a target=\"_blank\" href=\"https:\/\/www.myswitzerland.com\/fr-ch\/pages\/attractions\/facility.html?instance=409477986\" class=\"sidebar-link\"><span class=\"me-2\"><i class=\"bi bi-box-arrow-up-right\"><\/i><\/span>myswitzerland.com<\/a><\/div><div class=\"sidebar-button mb-2\"><a target=\"_blank\" href=\"https:\/\/www.museums.ch\/org\/fr\/MusedescivilisationsdeLIslammucivi-2300\" class=\"sidebar-link\"><span class=\"me-2\"><i class=\"bi bi-box-arrow-up-right\"><\/i><\/span>museums.ch<\/a><\/div><\/div>\r\n\t\t                    <\/div>\r\n\t\t                <\/div>\r\n\t\t            <\/section>\n\n\n<div style=\"height:100px\" aria-hidden=\"true\" class=\"wp-block-spacer\"><\/div>\n\n\n\n<div class=\"wp-block-contact-form-7-contact-form-selector\">\n<div class=\"wpcf7 no-js\" id=\"wpcf7-f5841-o1\" lang=\"en-US\" dir=\"ltr\" data-wpcf7-id=\"5841\">\n<div class=\"screen-reader-response\"><p role=\"status\" aria-live=\"polite\" aria-atomic=\"true\"><\/p> <ul><\/ul><\/div>\n<form action=\"\/bs\/wp-json\/wp\/v2\/pages\/5344#wpcf7-f5841-o1\" method=\"post\" class=\"wpcf7-form init\" aria-label=\"Contact form\" novalidate=\"novalidate\" data-status=\"init\">\n<fieldset class=\"hidden-fields-container\"><input type=\"hidden\" name=\"_wpcf7\" value=\"5841\" \/><input type=\"hidden\" name=\"_wpcf7_version\" value=\"6.1.5\" \/><input type=\"hidden\" name=\"_wpcf7_locale\" value=\"en_US\" \/><input type=\"hidden\" name=\"_wpcf7_unit_tag\" value=\"wpcf7-f5841-o1\" \/><input type=\"hidden\" name=\"_wpcf7_container_post\" value=\"0\" \/><input type=\"hidden\" name=\"_wpcf7_posted_data_hash\" value=\"\" \/><input type=\"hidden\" name=\"_wpcf7_recaptcha_response\" value=\"\" \/>\n<\/fieldset>\n<div class=\"container\">\n\t<div class=\"row\">\n\t\t<div class=\"col-md-12 mb-3\">\n\t\t\t<div class=\"position-relative\">\n\t\t\t\t<p><span class=\"form-icon\"><i class=\"bi bi-person\"><\/i><\/span><br \/>\n<span class=\"wpcf7-form-control-wrap\" data-name=\"your-name\"><input size=\"40\" maxlength=\"400\" class=\"wpcf7-form-control wpcf7-text wpcf7-validates-as-required form-control\" aria-required=\"true\" aria-invalid=\"false\" placeholder=\"Ime i Prezime\" value=\"\" type=\"text\" name=\"your-name\" \/><\/span>\n\t\t\t\t<\/p>\n\t\t\t<\/div>\n\t\t<\/div>\n\t\t<div class=\"col-md-12 mb-3\">\n\t\t\t<div class=\"position-relative\">\n\t\t\t\t<p><span class=\"form-icon\"><i class=\"bi bi-envelope\"><\/i><\/span><br \/>\n<span class=\"wpcf7-form-control-wrap\" data-name=\"your-email\"><input size=\"40\" maxlength=\"400\" class=\"wpcf7-form-control wpcf7-email wpcf7-validates-as-required wpcf7-text wpcf7-validates-as-email form-control\" aria-required=\"true\" aria-invalid=\"false\" placeholder=\"Email\" value=\"\" type=\"email\" name=\"your-email\" \/><\/span>\n\t\t\t\t<\/p>\n\t\t\t<\/div>\n\t\t<\/div>\n\t\t<div class=\"col-md-12 mb-3\">\n\t\t\t<div class=\"position-relative\">\n\t\t\t\t<p><span class=\"form-icon\"><i class=\"bi bi-chat-left-text\"><\/i><\/span><br \/>\n<span class=\"wpcf7-form-control-wrap\" data-name=\"your-message\"><textarea cols=\"40\" rows=\"5\" maxlength=\"2000\" class=\"wpcf7-form-control wpcf7-textarea form-control\" aria-invalid=\"false\" placeholder=\"Poruka\" name=\"your-message\"><\/textarea><\/span>\n\t\t\t\t<\/p>\n\t\t\t<\/div>\n\t\t<\/div>\n\t\t<div class=\"col-md-12 mb-3\">\n\t\t<span class=\"wpcf7-form-control-wrap recaptcha\" data-name=\"recaptcha\"><span data-sitekey=\"6LcwAoErAAAAAK7b5v2xBno1JTlADeIK2jhs2jA3\" class=\"wpcf7-form-control wpcf7-recaptcha g-recaptcha\"><\/span>\r\n<noscript>\r\n\t<div class=\"grecaptcha-noscript\">\r\n\t\t<iframe loading=\"lazy\" src=\"https:\/\/www.google.com\/recaptcha\/api\/fallback?k=6LcwAoErAAAAAK7b5v2xBno1JTlADeIK2jhs2jA3\" frameborder=\"0\" scrolling=\"no\" width=\"310\" height=\"430\">\r\n\t\t<\/iframe>\r\n\t\t<textarea name=\"g-recaptcha-response\" rows=\"3\" cols=\"40\" placeholder=\"reCaptcha Response Here\">\r\n\t\t<\/textarea>\r\n\t<\/div>\r\n<\/noscript>\r\n<\/span>\n\t\t<\/div>\n\t\t<div class=\"col-md-12 text-center\">\n\t\t\t<p><input class=\"wpcf7-form-control wpcf7-submit has-spinner btn-full btn-full-red\" type=\"submit\" value=\"Po\u0161alji\" \/>\n\t\t\t<\/p>\n\t\t<\/div>\n\t<\/div>\n<\/div><div class=\"wpcf7-response-output\" aria-hidden=\"true\"><\/div>\n<\/form>\n<\/div>\n<\/div>\n","protected":false},"excerpt":{"rendered":"","protected":false},"author":1,"featured_media":0,"parent":0,"menu_order":0,"comment_status":"closed","ping_status":"closed","template":"","meta":{"footnotes":""},"class_list":["post-5344","page","type-page","status-publish","hentry"],"yoast_head":"<!-- This site is optimized with the Yoast SEO plugin v27.2 - https:\/\/yoast.com\/product\/yoast-seo-wordpress\/ -->\n<title>Informacije i kontakt - MUCIVI - Mus\u00e9e des civilisations de l\u2019Islam<\/title>\n<meta name=\"robots\" content=\"index, follow, max-snippet:-1, max-image-preview:large, max-video-preview:-1\" \/>\n<link rel=\"canonical\" href=\"https:\/\/www.mucivi.ch\/bs\/informacije-i-kontakt\/\" \/>\n<meta property=\"og:locale\" content=\"bs_BA\" \/>\n<meta property=\"og:type\" content=\"article\" \/>\n<meta property=\"og:title\" content=\"Informacije i kontakt - MUCIVI - Mus\u00e9e des civilisations de l\u2019Islam\" \/>\n<meta property=\"og:url\" content=\"https:\/\/www.mucivi.ch\/bs\/informacije-i-kontakt\/\" \/>\n<meta property=\"og:site_name\" content=\"MUCIVI - Mus\u00e9e des civilisations de l\u2019Islam\" \/>\n<meta property=\"article:publisher\" content=\"https:\/\/www.facebook.com\/mucivi\/\" \/>\n<meta property=\"article:modified_time\" content=\"2025-07-12T21:54:22+00:00\" \/>\n<meta property=\"og:image\" content=\"https:\/\/www.mucivi.ch\/wp-content\/uploads\/2025\/05\/480795629_651358377467373_1464767840871238280_n.jpg\" \/>\n\t<meta property=\"og:image:width\" content=\"695\" \/>\n\t<meta property=\"og:image:height\" content=\"329\" \/>\n\t<meta property=\"og:image:type\" content=\"image\/jpeg\" \/>\n<meta name=\"twitter:card\" content=\"summary_large_image\" \/>\n<meta name=\"twitter:site\" content=\"@muciviicms\" \/>\n<meta name=\"twitter:label1\" content=\"Est. reading time\" \/>\n\t<meta name=\"twitter:data1\" content=\"1 minuta\" \/>\n<script type=\"application\/ld+json\" class=\"yoast-schema-graph\">{\"@context\":\"https:\/\/schema.org\",\"@graph\":[{\"@type\":\"WebPage\",\"@id\":\"https:\/\/www.mucivi.ch\/bs\/informacije-i-kontakt\/\",\"url\":\"https:\/\/www.mucivi.ch\/bs\/informacije-i-kontakt\/\",\"name\":\"Informacije i kontakt - MUCIVI - Mus\u00e9e des civilisations de l\u2019Islam\",\"isPartOf\":{\"@id\":\"https:\/\/www.mucivi.ch\/bs\/#website\"},\"datePublished\":\"2025-06-02T15:05:35+00:00\",\"dateModified\":\"2025-07-12T21:54:22+00:00\",\"breadcrumb\":{\"@id\":\"https:\/\/www.mucivi.ch\/bs\/informacije-i-kontakt\/#breadcrumb\"},\"inLanguage\":\"bs-BA\",\"potentialAction\":[{\"@type\":\"ReadAction\",\"target\":[\"https:\/\/www.mucivi.ch\/bs\/informacije-i-kontakt\/\"]}]},{\"@type\":\"BreadcrumbList\",\"@id\":\"https:\/\/www.mucivi.ch\/bs\/informacije-i-kontakt\/#breadcrumb\",\"itemListElement\":[{\"@type\":\"ListItem\",\"position\":1,\"name\":\"Home\",\"item\":\"https:\/\/www.mucivi.ch\/bs\/\"},{\"@type\":\"ListItem\",\"position\":2,\"name\":\"Informacije i kontakt\"}]},{\"@type\":\"WebSite\",\"@id\":\"https:\/\/www.mucivi.ch\/bs\/#website\",\"url\":\"https:\/\/www.mucivi.ch\/bs\/\",\"name\":\"MUCIVI - Mus\u00e9e des civilisations de l\u2019Islam\",\"description\":\"\",\"publisher\":{\"@id\":\"https:\/\/www.mucivi.ch\/bs\/#organization\"},\"potentialAction\":[{\"@type\":\"SearchAction\",\"target\":{\"@type\":\"EntryPoint\",\"urlTemplate\":\"https:\/\/www.mucivi.ch\/bs\/?s={search_term_string}\"},\"query-input\":{\"@type\":\"PropertyValueSpecification\",\"valueRequired\":true,\"valueName\":\"search_term_string\"}}],\"inLanguage\":\"bs-BA\"},{\"@type\":\"Organization\",\"@id\":\"https:\/\/www.mucivi.ch\/bs\/#organization\",\"name\":\"MUCIVI - Mus\u00e9e des civilisations de l\u2019Islam\",\"url\":\"https:\/\/www.mucivi.ch\/bs\/\",\"logo\":{\"@type\":\"ImageObject\",\"inLanguage\":\"bs-BA\",\"@id\":\"https:\/\/www.mucivi.ch\/bs\/#\/schema\/logo\/image\/\",\"url\":\"https:\/\/www.mucivi.ch\/wp-content\/uploads\/2025\/05\/480795629_651358377467373_1464767840871238280_n.jpg\",\"contentUrl\":\"https:\/\/www.mucivi.ch\/wp-content\/uploads\/2025\/05\/480795629_651358377467373_1464767840871238280_n.jpg\",\"width\":695,\"height\":329,\"caption\":\"MUCIVI - Mus\u00e9e des civilisations de l\u2019Islam\"},\"image\":{\"@id\":\"https:\/\/www.mucivi.ch\/bs\/#\/schema\/logo\/image\/\"},\"sameAs\":[\"https:\/\/www.facebook.com\/mucivi\/\",\"https:\/\/x.com\/muciviicms\",\"https:\/\/www.instagram.com\/mucivi.ch\/\",\"https:\/\/www.youtube.com\/channel\/UCtLgFsJNSlqpJD0xnqa-hBw\"]}]}<\/script>\n<!-- \/ Yoast SEO plugin. -->","yoast_head_json":{"title":"Informacije i kontakt - MUCIVI - Mus\u00e9e des civilisations de l\u2019Islam","robots":{"index":"index","follow":"follow","max-snippet":"max-snippet:-1","max-image-preview":"max-image-preview:large","max-video-preview":"max-video-preview:-1"},"canonical":"https:\/\/www.mucivi.ch\/bs\/informacije-i-kontakt\/","og_locale":"bs_BA","og_type":"article","og_title":"Informacije i kontakt - MUCIVI - Mus\u00e9e des civilisations de l\u2019Islam","og_url":"https:\/\/www.mucivi.ch\/bs\/informacije-i-kontakt\/","og_site_name":"MUCIVI - Mus\u00e9e des civilisations de l\u2019Islam","article_publisher":"https:\/\/www.facebook.com\/mucivi\/","article_modified_time":"2025-07-12T21:54:22+00:00","og_image":[{"width":695,"height":329,"url":"https:\/\/www.mucivi.ch\/wp-content\/uploads\/2025\/05\/480795629_651358377467373_1464767840871238280_n.jpg","type":"image\/jpeg"}],"twitter_card":"summary_large_image","twitter_site":"@muciviicms","twitter_misc":{"Est. reading time":"1 minuta"},"schema":{"@context":"https:\/\/schema.org","@graph":[{"@type":"WebPage","@id":"https:\/\/www.mucivi.ch\/bs\/informacije-i-kontakt\/","url":"https:\/\/www.mucivi.ch\/bs\/informacije-i-kontakt\/","name":"Informacije i kontakt - MUCIVI - Mus\u00e9e des civilisations de l\u2019Islam","isPartOf":{"@id":"https:\/\/www.mucivi.ch\/bs\/#website"},"datePublished":"2025-06-02T15:05:35+00:00","dateModified":"2025-07-12T21:54:22+00:00","breadcrumb":{"@id":"https:\/\/www.mucivi.ch\/bs\/informacije-i-kontakt\/#breadcrumb"},"inLanguage":"bs-BA","potentialAction":[{"@type":"ReadAction","target":["https:\/\/www.mucivi.ch\/bs\/informacije-i-kontakt\/"]}]},{"@type":"BreadcrumbList","@id":"https:\/\/www.mucivi.ch\/bs\/informacije-i-kontakt\/#breadcrumb","itemListElement":[{"@type":"ListItem","position":1,"name":"Home","item":"https:\/\/www.mucivi.ch\/bs\/"},{"@type":"ListItem","position":2,"name":"Informacije i kontakt"}]},{"@type":"WebSite","@id":"https:\/\/www.mucivi.ch\/bs\/#website","url":"https:\/\/www.mucivi.ch\/bs\/","name":"MUCIVI - Mus\u00e9e des civilisations de l\u2019Islam","description":"","publisher":{"@id":"https:\/\/www.mucivi.ch\/bs\/#organization"},"potentialAction":[{"@type":"SearchAction","target":{"@type":"EntryPoint","urlTemplate":"https:\/\/www.mucivi.ch\/bs\/?s={search_term_string}"},"query-input":{"@type":"PropertyValueSpecification","valueRequired":true,"valueName":"search_term_string"}}],"inLanguage":"bs-BA"},{"@type":"Organization","@id":"https:\/\/www.mucivi.ch\/bs\/#organization","name":"MUCIVI - Mus\u00e9e des civilisations de l\u2019Islam","url":"https:\/\/www.mucivi.ch\/bs\/","logo":{"@type":"ImageObject","inLanguage":"bs-BA","@id":"https:\/\/www.mucivi.ch\/bs\/#\/schema\/logo\/image\/","url":"https:\/\/www.mucivi.ch\/wp-content\/uploads\/2025\/05\/480795629_651358377467373_1464767840871238280_n.jpg","contentUrl":"https:\/\/www.mucivi.ch\/wp-content\/uploads\/2025\/05\/480795629_651358377467373_1464767840871238280_n.jpg","width":695,"height":329,"caption":"MUCIVI - Mus\u00e9e des civilisations de l\u2019Islam"},"image":{"@id":"https:\/\/www.mucivi.ch\/bs\/#\/schema\/logo\/image\/"},"sameAs":["https:\/\/www.facebook.com\/mucivi\/","https:\/\/x.com\/muciviicms","https:\/\/www.instagram.com\/mucivi.ch\/","https:\/\/www.youtube.com\/channel\/UCtLgFsJNSlqpJD0xnqa-hBw"]}]}},"_links":{"self":[{"href":"https:\/\/www.mucivi.ch\/bs\/wp-json\/wp\/v2\/pages\/5344","targetHints":{"allow":["GET"]}}],"collection":[{"href":"https:\/\/www.mucivi.ch\/bs\/wp-json\/wp\/v2\/pages"}],"about":[{"href":"https:\/\/www.mucivi.ch\/bs\/wp-json\/wp\/v2\/types\/page"}],"author":[{"embeddable":true,"href":"https:\/\/www.mucivi.ch\/bs\/wp-json\/wp\/v2\/users\/1"}],"replies":[{"embeddable":true,"href":"https:\/\/www.mucivi.ch\/bs\/wp-json\/wp\/v2\/comments?post=5344"}],"version-history":[{"count":2,"href":"https:\/\/www.mucivi.ch\/bs\/wp-json\/wp\/v2\/pages\/5344\/revisions"}],"predecessor-version":[{"id":5846,"href":"https:\/\/www.mucivi.ch\/bs\/wp-json\/wp\/v2\/pages\/5344\/revisions\/5846"}],"wp:attachment":[{"href":"https:\/\/www.mucivi.ch\/bs\/wp-json\/wp\/v2\/media?parent=5344"}],"curies":[{"name":"wp","href":"https:\/\/api.w.org\/{rel}","templated":true}]}}