{"id":5714,"date":"2025-06-02T15:05:16","date_gmt":"2025-06-02T15:05:16","guid":{"rendered":"https:\/\/www.mucivi.ch\/?page_id=5714"},"modified":"2025-07-12T20:52:46","modified_gmt":"2025-07-12T20:52:46","slug":"historia","status":"publish","type":"page","link":"https:\/\/www.mucivi.ch\/sq\/historia\/","title":{"rendered":"Historia"},"content":{"rendered":"\r\n        <style>\r\n             .showcase-section-block-69f258da4c8bd {\r\n                background-image: url(https:\/\/www.mucivi.ch\/wp-content\/uploads\/2025\/06\/schreyer-1701717-2560x2050-1.jpg);\r\n                background-attachment: scroll;\r\n                background-size: cover;  \r\n                background-repeat: no-repeat; \r\n                background-position: center center;\r\n                overflow: hidden;\r\n                color:  var(--mucivi-white);\r\n            }\r\n\r\n            @media (max-width: 1024px) {\r\n                 .showcase-section-block-69f258da4c8bd {\r\n                    background-attachment: scroll;\r\n                }\r\n            }\r\n        <\/style><section class=\"showcase-section-block showcase-section-block-69f258da4c8bd\">   \r\n\t\t\t\t\t\t\t\t        <div class=\"container showcase-section-container showcase-section-banner\">\r\n\t\t\t\t\t\t\t\t                 <div class=\"showcase-overlay-picture\"><\/div>\r\n\t\t\t\t\t\t\t\t                    <div class=\"showcase-overlay\"><\/div>\r\n\t\t\t\t\t\t\t\t                <div class=\"showcase-section d-flex flex-column align-items-start justify-content-evenly text-start\">\r\n\t\t\t\t\t            <div class=\"showcase-content\">\r\n\t\t\t\t\t\t\t\t\t<h1 class=\"showcase-title\">Historia<\/h1>\r\n\t\t\t\t\t                <p class=\"showcase-description\"><\/p>\r\n\t\t\t\t\t                  <div class=\"showcase-section-button\">\r\n\t\t\t\t\t                    \r\n\t\t\t\t\t                  <\/div>\r\n\t\t\t\t\t            <\/div>\r\n\t\t\t\t\t        <\/div>\r\n\t\t\t\t\t\t\t\t        <\/div>\r\n\t\t\t\t\t\t\t\t    <\/section>\n\n\n<div style=\"height:100px\" aria-hidden=\"true\" class=\"wp-block-spacer\"><\/div>\n\n\n<section class=\"image-gallery-block\">  \r\n\t\t\t  <div class=\"container  bg-color-white\">\r\n\t\t\t        <div class=\"\">\r\n\t\t\t            <div class=\"row\">\r\n\t\t\t                <div class=\"img-block col-12\">\r\n\t\t\t                           <img decoding=\"async\" width=\"\" height=\"\" id=\"img-block-69f258da4ca84\" class=\"img-block  desktop-padding-top desktop-padding-right desktop-padding-bottom desktop-padding-left tablet-padding-top tablet-padding-right tablet-padding-bottom tablet-padding-left mobile-padding-top mobile-padding-right mobile-padding-bottom mobile-padding-left \" src=\"https:\/\/www.mucivi.ch\/wp-content\/uploads\/2025\/06\/schreyer-1701748-2560x2050-1.jpg\" \/>\r\n\t\t\t                <\/div>\r\n\t\t\t            <\/div>\r\n\t\t\t        <\/div>\r\n\t\t\t    <\/section><style> #img-block-69f258da4ca84.desktop-padding-top { padding-top: 0px; } #img-block-69f258da4ca84.desktop-padding-right { padding-right: px; } #img-block-69f258da4ca84.desktop-padding-bottom { padding-bottom: 0px; } #img-block-69f258da4ca84.desktop-padding-left { padding-left: px; }@media only screen and (max-width: 991px) {  #img-block-69f258da4ca84.tablet-padding-top { padding-top: 0px; }} @media only screen and (max-width: 991px) {  #img-block-69f258da4ca84.tablet-padding-right { padding-right: 0px; }} @media only screen and (max-width: 991px) {  #img-block-69f258da4ca84.tablet-padding-bottom { padding-bottom: 0px; }} @media only screen and (max-width: 991px) {  #img-block-69f258da4ca84.tablet-padding-left { padding-left: 0px; }} @media only screen and (max-width: 575px) {  #img-block-69f258da4ca84.mobile-padding-top { padding-top: 0px; }} @media only screen and (max-width: 575px) {  #img-block-69f258da4ca84.mobile-padding-right { padding-right: 0px; }} @media only screen and (max-width: 575px) {  #img-block-69f258da4ca84.mobile-padding-bottom { padding-bottom: 0px; }} @media only screen and (max-width: 575px) {  #img-block-69f258da4ca84.mobile-padding-left { padding-left: 0px; }} <\/style>\n\n\n<div style=\"height:100px\" aria-hidden=\"true\" class=\"wp-block-spacer\"><\/div>\n\n\n<section id=\"\" class=\"text-block  space-bottom-yes space-top-no text-block-id-69f258da4cb69 bg-color-white text-color-black\">\r\n                    <div class=\"container\">\r\n                        <div class=\"row\">                                        \r\n                        <div class=\"col\">\r\n                            <h2 class=\"textBlock-headline style-1 left \">Nj\u00eb d\u00ebshir\u00eb p\u00ebr t\u00eb shk\u00ebmbyer, takuar dhe zbuluar<\/h2>\r\n                        <\/div>       \r\n                                                          \r\n                    <\/div>\r\n                        \r\n                        <div class=\"row text\">\r\n                    <div class=\"col\">\r\n                        <div class=\"textBlock-text text-block-html \" style=\"margin-top: 20px; \">\r\n                            <p class=\"wp-block-gn-text-block\">Lindur nga d\u00ebshira e znj. Nadia Karmous p\u00ebr t\u00eb ofruar n\u00eb Zvic\u00ebr nj\u00eb hap\u00ebsir\u00eb rreth kultur\u00ebs myslimane, Mucivi (Muzeu i Civilizimeve t\u00eb Islamit) i mund\u00ebson qytetit kulturor La Chaux-de-Fonds t\u00eb mir\u00ebpres\u00eb nj\u00eb vend shk\u00ebmbimi, takimesh dhe zbulimesh. Muzeu i ekspozitave paraqet, n\u00eb nj\u00eb skenografi inovative q\u00eb kombinon imazhe, tinguj, ambiente ndri\u00e7imi dhe pajisje teknologjike, 15 shekuj histori t\u00eb civilizimeve islame; nj\u00eb l\u00ebvizje q\u00eb \u00e7on n\u00eb pasurin\u00eb e praktikave dhe pyetjeve q\u00eb ngrihen sot nga nj\u00eb fe e praktikuar nga mbi nj\u00eb miliard e gjysm\u00eb njer\u00ebz n\u00eb t\u00eb gjith\u00eb bot\u00ebn.<\/p>\n<p>I hapur n\u00eb vitin 2016, Mucivi ndodhet n\u00eb nj\u00eb nd\u00ebrtes\u00eb t\u00eb mbrojtur me stil Art Nouveau, n\u00eb arterien kryesore t\u00eb metropolit t\u00eb or\u00ebve, e cila ndodhet n\u00eb kantonin Neuch\u00e2tel. Kjo e fundit p\u00ebrmban disa institucione kulturore me fam\u00eb dhe arkitektura e rrug\u00ebve dhe nd\u00ebrtesave t\u00eb saj \u00ebsht\u00eb pjes\u00eb e trash\u00ebgimis\u00eb bot\u00ebrore t\u00eb UNESCO-s q\u00eb nga viti 2009. N\u00eb fasad\u00ebn e nd\u00ebrtes\u00ebs, pes\u00eb gra \u2013 alegori t\u00eb pes\u00eb kontinenteve \u2013 vendosin vizit\u00ebn n\u00ebn mbrojtjen e takimit dhe udh\u00ebtimit. Mucivi u realizua nga nj\u00eb ekip multidisiplinar specialist\u00ebsh: nj\u00eb projekt afatgjat\u00eb, q\u00eb daton nga fillimi i viteve 2000, p\u00ebr nj\u00eb vend unik n\u00eb Evrop\u00eb.<\/p>\n\r\n                        <\/div>\r\n                    <\/div>                                        \r\n                <\/div>\r\n                    <\/div>\r\n            <\/section>\n\n<section id=\"\" class=\"iframe-block iframe-block-id-69f258da4cc23  bg-color-black\">\r\n                <div class=\"container\">\r\n                    <div class=\"iframe-wrapper\">\r\n                        <div class=\"row\">\r\n                            \r\n                            <div class=\"col-12 image-video-layout my-4\">\r\n                                \r\n\t\t\t\t\t        <div class=\"youtube-iframe ratio ratio-16x9\">\r\n\t\t\t\t\t            <iframe class=\"\" src=\"https:\/\/www.youtube.com\/embed\/BKu3EMjd3KQ\" frameborder=\"0\" allow=\"accelerometer; autoplay; encrypted-media; gyroscope; picture-in-picture\" allowfullscreen><\/iframe>\r\n\t\t\t\t\t        <\/div>\r\n                            <\/div>\r\n                        <\/div>\r\n                    <\/div>                            \r\n                <\/div>\r\n            <\/section>\n\n\r\n        <style>\r\n             .showcase-section-block-69f258da4ccd4 {\r\n                background-image: url(https:\/\/www.mucivi.ch\/wp-content\/uploads\/2025\/06\/schreyer-1701686-2560x3197-1-scaled.jpg);\r\n                background-attachment: fixed;\r\n                background-size: cover;  \r\n                background-repeat: no-repeat; \r\n                background-position: center center;\r\n                overflow: hidden;\r\n                color:  var(--mucivi-white);\r\n            }\r\n\r\n            @media (max-width: 1024px) {\r\n                 .showcase-section-block-69f258da4ccd4 {\r\n                    background-attachment: scroll;\r\n                }\r\n            }\r\n        <\/style><section class=\"showcase-section-block showcase-section-block-69f258da4ccd4\">   \r\n\t\t\t\t\t\t\t\t        <div class=\"container showcase-section-container showcase-section-banner\">\r\n\t\t\t\t\t\t\t\t                 \r\n\t\t\t\t\t\t\t\t                    <div class=\"showcase-overlay\"><\/div>\r\n\t\t\t\t\t\t\t\t                <div class=\"showcase-section d-flex flex-column align-items-center justify-content-evenly text-center\">\r\n\t\t\t\t\t            <div class=\"showcase-content\">\r\n\t\t\t\t\t\t\t\t\t<h2 class=\"showcase-title\">Zbuloni ekspozit\u00ebn referuese<\/h2>\r\n\t\t\t\t\t                <p class=\"showcase-description\"><\/p>\r\n\t\t\t\t\t                  <div class=\"showcase-section-button\">\r\n\t\t\t\t\t                    <a class=\"btn-full btn-full-secondary\" href=\"\/sq\/ekspozita\/\">\r\n\t                            Zbuloni ekspozit\u00ebn referuese\r\n\t                          <\/a>\r\n\t\t\t\t\t                  <\/div>\r\n\t\t\t\t\t            <\/div>\r\n\t\t\t\t\t        <\/div>\r\n\t\t\t\t\t\t\t\t        <\/div>\r\n\t\t\t\t\t\t\t\t    <\/section>","protected":false},"excerpt":{"rendered":"","protected":false},"author":1,"featured_media":0,"parent":0,"menu_order":0,"comment_status":"closed","ping_status":"closed","template":"","meta":{"footnotes":""},"class_list":["post-5714","page","type-page","status-publish","hentry"],"yoast_head":"<!-- This site is optimized with the Yoast SEO plugin v27.2 - https:\/\/yoast.com\/product\/yoast-seo-wordpress\/ -->\n<title>Historia - MUCIVI - Mus\u00e9e des civilisations de l\u2019Islam<\/title>\n<meta name=\"robots\" content=\"index, follow, max-snippet:-1, max-image-preview:large, max-video-preview:-1\" \/>\n<link rel=\"canonical\" href=\"https:\/\/www.mucivi.ch\/sq\/historia\/\" \/>\n<meta property=\"og:locale\" content=\"sq_AL\" \/>\n<meta property=\"og:type\" content=\"article\" \/>\n<meta property=\"og:title\" content=\"Historia - MUCIVI - Mus\u00e9e des civilisations de l\u2019Islam\" \/>\n<meta property=\"og:url\" content=\"https:\/\/www.mucivi.ch\/sq\/historia\/\" \/>\n<meta property=\"og:site_name\" content=\"MUCIVI - Mus\u00e9e des civilisations de l\u2019Islam\" \/>\n<meta property=\"article:publisher\" content=\"https:\/\/www.facebook.com\/mucivi\/\" \/>\n<meta property=\"article:modified_time\" content=\"2025-07-12T20:52:46+00:00\" \/>\n<meta property=\"og:image\" content=\"https:\/\/www.mucivi.ch\/wp-content\/uploads\/2025\/05\/480795629_651358377467373_1464767840871238280_n.jpg\" \/>\n\t<meta property=\"og:image:width\" content=\"695\" \/>\n\t<meta property=\"og:image:height\" content=\"329\" \/>\n\t<meta property=\"og:image:type\" content=\"image\/jpeg\" \/>\n<meta name=\"twitter:card\" content=\"summary_large_image\" \/>\n<meta name=\"twitter:site\" content=\"@muciviicms\" \/>\n<script type=\"application\/ld+json\" class=\"yoast-schema-graph\">{\"@context\":\"https:\/\/schema.org\",\"@graph\":[{\"@type\":\"WebPage\",\"@id\":\"https:\/\/www.mucivi.ch\/sq\/historia\/\",\"url\":\"https:\/\/www.mucivi.ch\/sq\/historia\/\",\"name\":\"Historia - MUCIVI - Mus\u00e9e des civilisations de l\u2019Islam\",\"isPartOf\":{\"@id\":\"https:\/\/www.mucivi.ch\/sq\/#website\"},\"datePublished\":\"2025-06-02T15:05:16+00:00\",\"dateModified\":\"2025-07-12T20:52:46+00:00\",\"breadcrumb\":{\"@id\":\"https:\/\/www.mucivi.ch\/sq\/historia\/#breadcrumb\"},\"inLanguage\":\"sq-AL\",\"potentialAction\":[{\"@type\":\"ReadAction\",\"target\":[\"https:\/\/www.mucivi.ch\/sq\/historia\/\"]}]},{\"@type\":\"BreadcrumbList\",\"@id\":\"https:\/\/www.mucivi.ch\/sq\/historia\/#breadcrumb\",\"itemListElement\":[{\"@type\":\"ListItem\",\"position\":1,\"name\":\"Home\",\"item\":\"https:\/\/www.mucivi.ch\/sq\/\"},{\"@type\":\"ListItem\",\"position\":2,\"name\":\"Historia\"}]},{\"@type\":\"WebSite\",\"@id\":\"https:\/\/www.mucivi.ch\/sq\/#website\",\"url\":\"https:\/\/www.mucivi.ch\/sq\/\",\"name\":\"MUCIVI - Mus\u00e9e des civilisations de l\u2019Islam\",\"description\":\"\",\"publisher\":{\"@id\":\"https:\/\/www.mucivi.ch\/sq\/#organization\"},\"potentialAction\":[{\"@type\":\"SearchAction\",\"target\":{\"@type\":\"EntryPoint\",\"urlTemplate\":\"https:\/\/www.mucivi.ch\/sq\/?s={search_term_string}\"},\"query-input\":{\"@type\":\"PropertyValueSpecification\",\"valueRequired\":true,\"valueName\":\"search_term_string\"}}],\"inLanguage\":\"sq-AL\"},{\"@type\":\"Organization\",\"@id\":\"https:\/\/www.mucivi.ch\/sq\/#organization\",\"name\":\"MUCIVI - Mus\u00e9e des civilisations de l\u2019Islam\",\"url\":\"https:\/\/www.mucivi.ch\/sq\/\",\"logo\":{\"@type\":\"ImageObject\",\"inLanguage\":\"sq-AL\",\"@id\":\"https:\/\/www.mucivi.ch\/sq\/#\/schema\/logo\/image\/\",\"url\":\"https:\/\/www.mucivi.ch\/wp-content\/uploads\/2025\/05\/480795629_651358377467373_1464767840871238280_n.jpg\",\"contentUrl\":\"https:\/\/www.mucivi.ch\/wp-content\/uploads\/2025\/05\/480795629_651358377467373_1464767840871238280_n.jpg\",\"width\":695,\"height\":329,\"caption\":\"MUCIVI - Mus\u00e9e des civilisations de l\u2019Islam\"},\"image\":{\"@id\":\"https:\/\/www.mucivi.ch\/sq\/#\/schema\/logo\/image\/\"},\"sameAs\":[\"https:\/\/www.facebook.com\/mucivi\/\",\"https:\/\/x.com\/muciviicms\",\"https:\/\/www.instagram.com\/mucivi.ch\/\",\"https:\/\/www.youtube.com\/channel\/UCtLgFsJNSlqpJD0xnqa-hBw\"]}]}<\/script>\n<!-- \/ Yoast SEO plugin. -->","yoast_head_json":{"title":"Historia - MUCIVI - Mus\u00e9e des civilisations de l\u2019Islam","robots":{"index":"index","follow":"follow","max-snippet":"max-snippet:-1","max-image-preview":"max-image-preview:large","max-video-preview":"max-video-preview:-1"},"canonical":"https:\/\/www.mucivi.ch\/sq\/historia\/","og_locale":"sq_AL","og_type":"article","og_title":"Historia - MUCIVI - Mus\u00e9e des civilisations de l\u2019Islam","og_url":"https:\/\/www.mucivi.ch\/sq\/historia\/","og_site_name":"MUCIVI - Mus\u00e9e des civilisations de l\u2019Islam","article_publisher":"https:\/\/www.facebook.com\/mucivi\/","article_modified_time":"2025-07-12T20:52:46+00:00","og_image":[{"width":695,"height":329,"url":"https:\/\/www.mucivi.ch\/wp-content\/uploads\/2025\/05\/480795629_651358377467373_1464767840871238280_n.jpg","type":"image\/jpeg"}],"twitter_card":"summary_large_image","twitter_site":"@muciviicms","schema":{"@context":"https:\/\/schema.org","@graph":[{"@type":"WebPage","@id":"https:\/\/www.mucivi.ch\/sq\/historia\/","url":"https:\/\/www.mucivi.ch\/sq\/historia\/","name":"Historia - MUCIVI - Mus\u00e9e des civilisations de l\u2019Islam","isPartOf":{"@id":"https:\/\/www.mucivi.ch\/sq\/#website"},"datePublished":"2025-06-02T15:05:16+00:00","dateModified":"2025-07-12T20:52:46+00:00","breadcrumb":{"@id":"https:\/\/www.mucivi.ch\/sq\/historia\/#breadcrumb"},"inLanguage":"sq-AL","potentialAction":[{"@type":"ReadAction","target":["https:\/\/www.mucivi.ch\/sq\/historia\/"]}]},{"@type":"BreadcrumbList","@id":"https:\/\/www.mucivi.ch\/sq\/historia\/#breadcrumb","itemListElement":[{"@type":"ListItem","position":1,"name":"Home","item":"https:\/\/www.mucivi.ch\/sq\/"},{"@type":"ListItem","position":2,"name":"Historia"}]},{"@type":"WebSite","@id":"https:\/\/www.mucivi.ch\/sq\/#website","url":"https:\/\/www.mucivi.ch\/sq\/","name":"MUCIVI - Mus\u00e9e des civilisations de l\u2019Islam","description":"","publisher":{"@id":"https:\/\/www.mucivi.ch\/sq\/#organization"},"potentialAction":[{"@type":"SearchAction","target":{"@type":"EntryPoint","urlTemplate":"https:\/\/www.mucivi.ch\/sq\/?s={search_term_string}"},"query-input":{"@type":"PropertyValueSpecification","valueRequired":true,"valueName":"search_term_string"}}],"inLanguage":"sq-AL"},{"@type":"Organization","@id":"https:\/\/www.mucivi.ch\/sq\/#organization","name":"MUCIVI - Mus\u00e9e des civilisations de l\u2019Islam","url":"https:\/\/www.mucivi.ch\/sq\/","logo":{"@type":"ImageObject","inLanguage":"sq-AL","@id":"https:\/\/www.mucivi.ch\/sq\/#\/schema\/logo\/image\/","url":"https:\/\/www.mucivi.ch\/wp-content\/uploads\/2025\/05\/480795629_651358377467373_1464767840871238280_n.jpg","contentUrl":"https:\/\/www.mucivi.ch\/wp-content\/uploads\/2025\/05\/480795629_651358377467373_1464767840871238280_n.jpg","width":695,"height":329,"caption":"MUCIVI - Mus\u00e9e des civilisations de l\u2019Islam"},"image":{"@id":"https:\/\/www.mucivi.ch\/sq\/#\/schema\/logo\/image\/"},"sameAs":["https:\/\/www.facebook.com\/mucivi\/","https:\/\/x.com\/muciviicms","https:\/\/www.instagram.com\/mucivi.ch\/","https:\/\/www.youtube.com\/channel\/UCtLgFsJNSlqpJD0xnqa-hBw"]}]}},"_links":{"self":[{"href":"https:\/\/www.mucivi.ch\/sq\/wp-json\/wp\/v2\/pages\/5714","targetHints":{"allow":["GET"]}}],"collection":[{"href":"https:\/\/www.mucivi.ch\/sq\/wp-json\/wp\/v2\/pages"}],"about":[{"href":"https:\/\/www.mucivi.ch\/sq\/wp-json\/wp\/v2\/types\/page"}],"author":[{"embeddable":true,"href":"https:\/\/www.mucivi.ch\/sq\/wp-json\/wp\/v2\/users\/1"}],"replies":[{"embeddable":true,"href":"https:\/\/www.mucivi.ch\/sq\/wp-json\/wp\/v2\/comments?post=5714"}],"version-history":[{"count":2,"href":"https:\/\/www.mucivi.ch\/sq\/wp-json\/wp\/v2\/pages\/5714\/revisions"}],"predecessor-version":[{"id":5767,"href":"https:\/\/www.mucivi.ch\/sq\/wp-json\/wp\/v2\/pages\/5714\/revisions\/5767"}],"wp:attachment":[{"href":"https:\/\/www.mucivi.ch\/sq\/wp-json\/wp\/v2\/media?parent=5714"}],"curies":[{"name":"wp","href":"https:\/\/api.w.org\/{rel}","templated":true}]}}